{"id":15503,"date":"2023-10-10T07:18:50","date_gmt":"2023-10-10T07:18:50","guid":{"rendered":"http:\/\/10.20.0.24\/?page_id=15503"},"modified":"2024-11-25T21:52:37","modified_gmt":"2024-11-25T20:52:37","slug":"notas-de-prensa","status":"publish","type":"page","link":"https:\/\/www.emmsa.com.pe\/index.php\/notas-de-prensa\/","title":{"rendered":"Notas de Prensa"},"content":{"rendered":"\t\t<div data-elementor-type=\"wp-page\" data-elementor-id=\"15503\" class=\"elementor elementor-15503\" data-elementor-post-type=\"page\">\n\t\t\t\t\t\t<section class=\"elementor-section elementor-top-section elementor-element elementor-element-d367ab1 elementor-section-boxed elementor-section-height-default elementor-section-height-default\" data-id=\"d367ab1\" data-element_type=\"section\">\n\t\t\t\t\t\t<div class=\"elementor-container elementor-column-gap-default\">\n\t\t\t\t\t<div class=\"elementor-column elementor-col-100 elementor-top-column elementor-element elementor-element-e96e618\" data-id=\"e96e618\" data-element_type=\"column\">\n\t\t\t<div class=\"elementor-widget-wrap elementor-element-populated\">\n\t\t\t\t\t\t<div class=\"elementor-element elementor-element-6750d84 elementor-widget elementor-widget-gimont_elementor_blog\" data-id=\"6750d84\" data-element_type=\"widget\" data-widget_type=\"gimont_elementor_blog.default\">\n\t\t\t\t<div class=\"elementor-widget-container\">\n\t\t\t\n\t\t\t<ul class=\"ova-blog column_3 version_1 v1_template_1\">\n\n\t\t\t  \t\n\t\t\t\t  \t<li class=\"item\">\n\n\t\t\t\t\t  \t<div class=\"media\">\n\n\t\t\t\t\t\t  \t\n\t\t\t\t\t\t  \t<div class=\"box-img\">\n\t\t\t\t\t\t  \t\t<a href=\"https:\/\/www.emmsa.com.pe\/index.php\/emmsa-conmemora-el-dia-internacional-de-la-mujer-reconociendo-la-labor-y-compromiso-de-sus-trabajadoras\/\" rel=\"bookmark\" title=\"EMMSA conmemora el D\u00eda Internacional de la Mujer reconociendo la labor y compromiso de sus trabajadoras\">\n\t\t\t\t\t\t\t\t  \t<img decoding=\"async\" src=\"https:\/\/www.emmsa.com.pe\/wp-content\/uploads\/2026\/03\/1-2-668x520.jpg\" alt=\"EMMSA conmemora el D\u00eda Internacional de la Mujer reconociendo la labor y compromiso de sus trabajadoras\">\n\t\t\t\t\t\t\t  \t<\/a>\n\t\t\t\t\t\t  \t<\/div>\n\n\t\t\t\t\t\t\t\t\t\t\t\t\t\t\t<div class=\"post-date\">\n\t\t\t\t\t\t\t\t\t<span class=\"date-j\">6<\/span>\n\t\t\t\t\t\t\t\t\t<span class=\"date-MY\">Mar, 2026<\/span>\n\t\t\t\t\t\t\t\t<\/div>\n\t\t\t\t\t\t\t\n\t\t\t\t\t\t\t\n\t\t\t\t\t  \t<\/div>\n\n\t\t\t\t\t  \t<div class=\"content\">\n\t\t\t\t\t\t\t\t\n\t\t\t\t\t\t  \t<ul class=\"post-meta\">\n\n\t\t\t\t\t\t  \t\t\t\t\t\t\t\t\t\t\n\t\t\t\t\t\t\t  \t\n\t\t\t\t\t\t\t  \t\n\t\t\t\t\t\t  \t<\/ul>\n\t\t\t\t\t\t  \n\t\t\t\t\t\t  \t\t\t\t\t\t\t\t  \t<h2 class=\"post-title\">\n\t\t\t\t\t\t\t\t  \t<a href=\"https:\/\/www.emmsa.com.pe\/index.php\/emmsa-conmemora-el-dia-internacional-de-la-mujer-reconociendo-la-labor-y-compromiso-de-sus-trabajadoras\/\" rel=\"bookmark\" title=\"EMMSA conmemora el D\u00eda Internacional de la Mujer reconociendo la labor y compromiso de sus trabajadoras\">\n\t\t\t\t\t\t\t\t\t\tEMMSA conmemora el D\u00eda Internacional de la Mujer reconociendo la labor y compromiso de sus trabajadoras\t\t\t\t\t\t\t\t  \t<\/a>\n\t\t\t\t\t\t\t  \t<\/h2>\n\t\t\t\t\t\t  \t\n\t\t\t\t\t\t  \t\n\t\t\t\t\t\t  \t\n\t\t\t\t\t\t  \t\t\t\t\t\t\t  \t\t<a href=\"https:\/\/www.emmsa.com.pe\/index.php\/emmsa-conmemora-el-dia-internacional-de-la-mujer-reconociendo-la-labor-y-compromiso-de-sus-trabajadoras\/\">\t\n\t\t\t\t\t\t\t\t  \t<div class=\"read-more\">\n\t\t\t\t\t\t\t\t  \t\t<span class=\"text-button\">\n\t\t\t\t\t\t\t\t\t\t  \tVer nota\t\t\t\t\t\t\t\t  \t\t<\/span>\n\t\t\t\t\t\t\t\t  \t\t<i aria-hidden=\"true\" class=\"gimonticon gimonticon-right\"><\/i>\t\t\t\t\t\t\t\t  \t<\/div>\n\t\t\t\t\t\t\t\t<\/a>\n\t\t\t\t\t\t  \t\t\n\n\t\t\t\t\t\t<\/div>\n\t\t\t\t\t  \n\t\t\t\t\t<\/li>\t\n\n\t\t\t  \n\t\t\t\t  \t<li class=\"item\">\n\n\t\t\t\t\t  \t<div class=\"media\">\n\n\t\t\t\t\t\t  \t\n\t\t\t\t\t\t  \t<div class=\"box-img\">\n\t\t\t\t\t\t  \t\t<a href=\"https:\/\/www.emmsa.com.pe\/index.php\/emmsa-reafirma-su-compromiso-civico-en-ceremonia-de-izamiento-del-pabellon-nacional\/\" rel=\"bookmark\" title=\"EMMSA reafirma su compromiso c\u00edvico en ceremonia de izamiento del Pabell\u00f3n Nacional\">\n\t\t\t\t\t\t\t\t  \t<img decoding=\"async\" src=\"https:\/\/www.emmsa.com.pe\/wp-content\/uploads\/2026\/02\/1-1.jpg\" alt=\"EMMSA reafirma su compromiso c\u00edvico en ceremonia de izamiento del Pabell\u00f3n Nacional\">\n\t\t\t\t\t\t\t  \t<\/a>\n\t\t\t\t\t\t  \t<\/div>\n\n\t\t\t\t\t\t\t\t\t\t\t\t\t\t\t<div class=\"post-date\">\n\t\t\t\t\t\t\t\t\t<span class=\"date-j\">25<\/span>\n\t\t\t\t\t\t\t\t\t<span class=\"date-MY\">Feb, 2026<\/span>\n\t\t\t\t\t\t\t\t<\/div>\n\t\t\t\t\t\t\t\n\t\t\t\t\t\t\t\n\t\t\t\t\t  \t<\/div>\n\n\t\t\t\t\t  \t<div class=\"content\">\n\t\t\t\t\t\t\t\t\n\t\t\t\t\t\t  \t<ul class=\"post-meta\">\n\n\t\t\t\t\t\t  \t\t\t\t\t\t\t\t\t\t\n\t\t\t\t\t\t\t  \t\n\t\t\t\t\t\t\t  \t\n\t\t\t\t\t\t  \t<\/ul>\n\t\t\t\t\t\t  \n\t\t\t\t\t\t  \t\t\t\t\t\t\t\t  \t<h2 class=\"post-title\">\n\t\t\t\t\t\t\t\t  \t<a href=\"https:\/\/www.emmsa.com.pe\/index.php\/emmsa-reafirma-su-compromiso-civico-en-ceremonia-de-izamiento-del-pabellon-nacional\/\" rel=\"bookmark\" title=\"EMMSA reafirma su compromiso c\u00edvico en ceremonia de izamiento del Pabell\u00f3n Nacional\">\n\t\t\t\t\t\t\t\t\t\tEMMSA reafirma su compromiso c\u00edvico en ceremonia de izamiento del Pabell\u00f3n Nacional\t\t\t\t\t\t\t\t  \t<\/a>\n\t\t\t\t\t\t\t  \t<\/h2>\n\t\t\t\t\t\t  \t\n\t\t\t\t\t\t  \t\n\t\t\t\t\t\t  \t\n\t\t\t\t\t\t  \t\t\t\t\t\t\t  \t\t<a href=\"https:\/\/www.emmsa.com.pe\/index.php\/emmsa-reafirma-su-compromiso-civico-en-ceremonia-de-izamiento-del-pabellon-nacional\/\">\t\n\t\t\t\t\t\t\t\t  \t<div class=\"read-more\">\n\t\t\t\t\t\t\t\t  \t\t<span class=\"text-button\">\n\t\t\t\t\t\t\t\t\t\t  \tVer nota\t\t\t\t\t\t\t\t  \t\t<\/span>\n\t\t\t\t\t\t\t\t  \t\t<i aria-hidden=\"true\" class=\"gimonticon gimonticon-right\"><\/i>\t\t\t\t\t\t\t\t  \t<\/div>\n\t\t\t\t\t\t\t\t<\/a>\n\t\t\t\t\t\t  \t\t\n\n\t\t\t\t\t\t<\/div>\n\t\t\t\t\t  \n\t\t\t\t\t<\/li>\t\n\n\t\t\t  \n\t\t\t\t  \t<li class=\"item\">\n\n\t\t\t\t\t  \t<div class=\"media\">\n\n\t\t\t\t\t\t  \t\n\t\t\t\t\t\t  \t<div class=\"box-img\">\n\t\t\t\t\t\t  \t\t<a href=\"https:\/\/www.emmsa.com.pe\/index.php\/50-vecinos-de-san-luis-realizaron-compras-en-el-gran-mercado-mayorista-de-lima-y-comprobaron-que-ahorrar-es-comprar-al-por-mayor\/\" rel=\"bookmark\" title=\"50 vecinos de San Luis realizaron compras en el Gran Mercado Mayorista de Lima y comprobaron que ahorrar es comprar al por mayor\">\n\t\t\t\t\t\t\t\t  \t<img decoding=\"async\" src=\"https:\/\/www.emmsa.com.pe\/wp-content\/uploads\/2026\/02\/1-1-668x520.jpeg\" alt=\"50 vecinos de San Luis realizaron compras en el Gran Mercado Mayorista de Lima y comprobaron que ahorrar es comprar al por mayor\">\n\t\t\t\t\t\t\t  \t<\/a>\n\t\t\t\t\t\t  \t<\/div>\n\n\t\t\t\t\t\t\t\t\t\t\t\t\t\t\t<div class=\"post-date\">\n\t\t\t\t\t\t\t\t\t<span class=\"date-j\">18<\/span>\n\t\t\t\t\t\t\t\t\t<span class=\"date-MY\">Feb, 2026<\/span>\n\t\t\t\t\t\t\t\t<\/div>\n\t\t\t\t\t\t\t\n\t\t\t\t\t\t\t\n\t\t\t\t\t  \t<\/div>\n\n\t\t\t\t\t  \t<div class=\"content\">\n\t\t\t\t\t\t\t\t\n\t\t\t\t\t\t  \t<ul class=\"post-meta\">\n\n\t\t\t\t\t\t  \t\t\t\t\t\t\t\t\t\t\n\t\t\t\t\t\t\t  \t\n\t\t\t\t\t\t\t  \t\n\t\t\t\t\t\t  \t<\/ul>\n\t\t\t\t\t\t  \n\t\t\t\t\t\t  \t\t\t\t\t\t\t\t  \t<h2 class=\"post-title\">\n\t\t\t\t\t\t\t\t  \t<a href=\"https:\/\/www.emmsa.com.pe\/index.php\/50-vecinos-de-san-luis-realizaron-compras-en-el-gran-mercado-mayorista-de-lima-y-comprobaron-que-ahorrar-es-comprar-al-por-mayor\/\" rel=\"bookmark\" title=\"50 vecinos de San Luis realizaron compras en el Gran Mercado Mayorista de Lima y comprobaron que ahorrar es comprar al por mayor\">\n\t\t\t\t\t\t\t\t\t\t50 vecinos de San Luis realizaron compras en el Gran Mercado Mayorista de Lima y comprobaron que ahorrar es comprar al por mayor\t\t\t\t\t\t\t\t  \t<\/a>\n\t\t\t\t\t\t\t  \t<\/h2>\n\t\t\t\t\t\t  \t\n\t\t\t\t\t\t  \t\n\t\t\t\t\t\t  \t\n\t\t\t\t\t\t  \t\t\t\t\t\t\t  \t\t<a href=\"https:\/\/www.emmsa.com.pe\/index.php\/50-vecinos-de-san-luis-realizaron-compras-en-el-gran-mercado-mayorista-de-lima-y-comprobaron-que-ahorrar-es-comprar-al-por-mayor\/\">\t\n\t\t\t\t\t\t\t\t  \t<div class=\"read-more\">\n\t\t\t\t\t\t\t\t  \t\t<span class=\"text-button\">\n\t\t\t\t\t\t\t\t\t\t  \tVer nota\t\t\t\t\t\t\t\t  \t\t<\/span>\n\t\t\t\t\t\t\t\t  \t\t<i aria-hidden=\"true\" class=\"gimonticon gimonticon-right\"><\/i>\t\t\t\t\t\t\t\t  \t<\/div>\n\t\t\t\t\t\t\t\t<\/a>\n\t\t\t\t\t\t  \t\t\n\n\t\t\t\t\t\t<\/div>\n\t\t\t\t\t  \n\t\t\t\t\t<\/li>\t\n\n\t\t\t  \n\t\t\t\t  \t<li class=\"item\">\n\n\t\t\t\t\t  \t<div class=\"media\">\n\n\t\t\t\t\t\t  \t\n\t\t\t\t\t\t  \t<div class=\"box-img\">\n\t\t\t\t\t\t  \t\t<a href=\"https:\/\/www.emmsa.com.pe\/index.php\/emmsa-celebro-el-dia-del-amor-y-la-amistad-con-la-campana-regala-amor-saludable\/\" rel=\"bookmark\" title=\"EMMSA celebr\u00f3 el D\u00eda del Amor y la Amistad con la campa\u00f1a \u201cRegala Amor Saludable\">\n\t\t\t\t\t\t\t\t  \t<img decoding=\"async\" src=\"https:\/\/www.emmsa.com.pe\/wp-content\/uploads\/2026\/02\/1-668x520.jpeg\" alt=\"EMMSA celebr\u00f3 el D\u00eda del Amor y la Amistad con la campa\u00f1a \u201cRegala Amor Saludable\">\n\t\t\t\t\t\t\t  \t<\/a>\n\t\t\t\t\t\t  \t<\/div>\n\n\t\t\t\t\t\t\t\t\t\t\t\t\t\t\t<div class=\"post-date\">\n\t\t\t\t\t\t\t\t\t<span class=\"date-j\">13<\/span>\n\t\t\t\t\t\t\t\t\t<span class=\"date-MY\">Feb, 2026<\/span>\n\t\t\t\t\t\t\t\t<\/div>\n\t\t\t\t\t\t\t\n\t\t\t\t\t\t\t\n\t\t\t\t\t  \t<\/div>\n\n\t\t\t\t\t  \t<div class=\"content\">\n\t\t\t\t\t\t\t\t\n\t\t\t\t\t\t  \t<ul class=\"post-meta\">\n\n\t\t\t\t\t\t  \t\t\t\t\t\t\t\t\t\t\n\t\t\t\t\t\t\t  \t\n\t\t\t\t\t\t\t  \t\n\t\t\t\t\t\t  \t<\/ul>\n\t\t\t\t\t\t  \n\t\t\t\t\t\t  \t\t\t\t\t\t\t\t  \t<h2 class=\"post-title\">\n\t\t\t\t\t\t\t\t  \t<a href=\"https:\/\/www.emmsa.com.pe\/index.php\/emmsa-celebro-el-dia-del-amor-y-la-amistad-con-la-campana-regala-amor-saludable\/\" rel=\"bookmark\" title=\"EMMSA celebr\u00f3 el D\u00eda del Amor y la Amistad con la campa\u00f1a \u201cRegala Amor Saludable\">\n\t\t\t\t\t\t\t\t\t\tEMMSA celebr\u00f3 el D\u00eda del Amor y la Amistad con la campa\u00f1a \u201cRegala Amor Saludable\t\t\t\t\t\t\t\t  \t<\/a>\n\t\t\t\t\t\t\t  \t<\/h2>\n\t\t\t\t\t\t  \t\n\t\t\t\t\t\t  \t\n\t\t\t\t\t\t  \t\n\t\t\t\t\t\t  \t\t\t\t\t\t\t  \t\t<a href=\"https:\/\/www.emmsa.com.pe\/index.php\/emmsa-celebro-el-dia-del-amor-y-la-amistad-con-la-campana-regala-amor-saludable\/\">\t\n\t\t\t\t\t\t\t\t  \t<div class=\"read-more\">\n\t\t\t\t\t\t\t\t  \t\t<span class=\"text-button\">\n\t\t\t\t\t\t\t\t\t\t  \tVer nota\t\t\t\t\t\t\t\t  \t\t<\/span>\n\t\t\t\t\t\t\t\t  \t\t<i aria-hidden=\"true\" class=\"gimonticon gimonticon-right\"><\/i>\t\t\t\t\t\t\t\t  \t<\/div>\n\t\t\t\t\t\t\t\t<\/a>\n\t\t\t\t\t\t  \t\t\n\n\t\t\t\t\t\t<\/div>\n\t\t\t\t\t  \n\t\t\t\t\t<\/li>\t\n\n\t\t\t  \n\t\t\t\t  \t<li class=\"item\">\n\n\t\t\t\t\t  \t<div class=\"media\">\n\n\t\t\t\t\t\t  \t\n\t\t\t\t\t\t  \t<div class=\"box-img\">\n\t\t\t\t\t\t  \t\t<a href=\"https:\/\/www.emmsa.com.pe\/index.php\/gran-mercado-mayorista-de-lima-presento-innovadores-piscos-sour-con-frutas-de-temporada-por-el-dia-del-pisco-sour\/\" rel=\"bookmark\" title=\"Gran Mercado Mayorista de Lima present\u00f3 innovadores piscos sour con frutas de temporada por el D\u00eda del Pisco Sour\">\n\t\t\t\t\t\t\t\t  \t<img decoding=\"async\" src=\"https:\/\/www.emmsa.com.pe\/wp-content\/uploads\/2026\/02\/1-668x520.jpg\" alt=\"Gran Mercado Mayorista de Lima present\u00f3 innovadores piscos sour con frutas de temporada por el D\u00eda del Pisco Sour\">\n\t\t\t\t\t\t\t  \t<\/a>\n\t\t\t\t\t\t  \t<\/div>\n\n\t\t\t\t\t\t\t\t\t\t\t\t\t\t\t<div class=\"post-date\">\n\t\t\t\t\t\t\t\t\t<span class=\"date-j\">5<\/span>\n\t\t\t\t\t\t\t\t\t<span class=\"date-MY\">Feb, 2026<\/span>\n\t\t\t\t\t\t\t\t<\/div>\n\t\t\t\t\t\t\t\n\t\t\t\t\t\t\t\n\t\t\t\t\t  \t<\/div>\n\n\t\t\t\t\t  \t<div class=\"content\">\n\t\t\t\t\t\t\t\t\n\t\t\t\t\t\t  \t<ul class=\"post-meta\">\n\n\t\t\t\t\t\t  \t\t\t\t\t\t\t\t\t\t\n\t\t\t\t\t\t\t  \t\n\t\t\t\t\t\t\t  \t\n\t\t\t\t\t\t  \t<\/ul>\n\t\t\t\t\t\t  \n\t\t\t\t\t\t  \t\t\t\t\t\t\t\t  \t<h2 class=\"post-title\">\n\t\t\t\t\t\t\t\t  \t<a href=\"https:\/\/www.emmsa.com.pe\/index.php\/gran-mercado-mayorista-de-lima-presento-innovadores-piscos-sour-con-frutas-de-temporada-por-el-dia-del-pisco-sour\/\" rel=\"bookmark\" title=\"Gran Mercado Mayorista de Lima present\u00f3 innovadores piscos sour con frutas de temporada por el D\u00eda del Pisco Sour\">\n\t\t\t\t\t\t\t\t\t\tGran Mercado Mayorista de Lima present\u00f3 innovadores piscos sour con frutas de temporada por el D\u00eda del Pisco Sour\t\t\t\t\t\t\t\t  \t<\/a>\n\t\t\t\t\t\t\t  \t<\/h2>\n\t\t\t\t\t\t  \t\n\t\t\t\t\t\t  \t\n\t\t\t\t\t\t  \t\n\t\t\t\t\t\t  \t\t\t\t\t\t\t  \t\t<a href=\"https:\/\/www.emmsa.com.pe\/index.php\/gran-mercado-mayorista-de-lima-presento-innovadores-piscos-sour-con-frutas-de-temporada-por-el-dia-del-pisco-sour\/\">\t\n\t\t\t\t\t\t\t\t  \t<div class=\"read-more\">\n\t\t\t\t\t\t\t\t  \t\t<span class=\"text-button\">\n\t\t\t\t\t\t\t\t\t\t  \tVer nota\t\t\t\t\t\t\t\t  \t\t<\/span>\n\t\t\t\t\t\t\t\t  \t\t<i aria-hidden=\"true\" class=\"gimonticon gimonticon-right\"><\/i>\t\t\t\t\t\t\t\t  \t<\/div>\n\t\t\t\t\t\t\t\t<\/a>\n\t\t\t\t\t\t  \t\t\n\n\t\t\t\t\t\t<\/div>\n\t\t\t\t\t  \n\t\t\t\t\t<\/li>\t\n\n\t\t\t  \n\t\t\t\t  \t<li class=\"item\">\n\n\t\t\t\t\t  \t<div class=\"media\">\n\n\t\t\t\t\t\t  \t\n\t\t\t\t\t\t  \t<div class=\"box-img\">\n\t\t\t\t\t\t  \t\t<a href=\"https:\/\/www.emmsa.com.pe\/index.php\/sunat-realizo-charla-informativa-para-comerciantes-y-transportistas-en-el-gran-mercado-mayorista-de-lima\/\" rel=\"bookmark\" title=\"SUNAT realiz\u00f3 charla informativa para comerciantes y transportistas en el Gran Mercado Mayorista de Lima\">\n\t\t\t\t\t\t\t\t  \t<img decoding=\"async\" src=\"https:\/\/www.emmsa.com.pe\/wp-content\/uploads\/2026\/02\/222222-668x520.png\" alt=\"SUNAT realiz\u00f3 charla informativa para comerciantes y transportistas en el Gran Mercado Mayorista de Lima\">\n\t\t\t\t\t\t\t  \t<\/a>\n\t\t\t\t\t\t  \t<\/div>\n\n\t\t\t\t\t\t\t\t\t\t\t\t\t\t\t<div class=\"post-date\">\n\t\t\t\t\t\t\t\t\t<span class=\"date-j\">4<\/span>\n\t\t\t\t\t\t\t\t\t<span class=\"date-MY\">Feb, 2026<\/span>\n\t\t\t\t\t\t\t\t<\/div>\n\t\t\t\t\t\t\t\n\t\t\t\t\t\t\t\n\t\t\t\t\t  \t<\/div>\n\n\t\t\t\t\t  \t<div class=\"content\">\n\t\t\t\t\t\t\t\t\n\t\t\t\t\t\t  \t<ul class=\"post-meta\">\n\n\t\t\t\t\t\t  \t\t\t\t\t\t\t\t\t\t\n\t\t\t\t\t\t\t  \t\n\t\t\t\t\t\t\t  \t\n\t\t\t\t\t\t  \t<\/ul>\n\t\t\t\t\t\t  \n\t\t\t\t\t\t  \t\t\t\t\t\t\t\t  \t<h2 class=\"post-title\">\n\t\t\t\t\t\t\t\t  \t<a href=\"https:\/\/www.emmsa.com.pe\/index.php\/sunat-realizo-charla-informativa-para-comerciantes-y-transportistas-en-el-gran-mercado-mayorista-de-lima\/\" rel=\"bookmark\" title=\"SUNAT realiz\u00f3 charla informativa para comerciantes y transportistas en el Gran Mercado Mayorista de Lima\">\n\t\t\t\t\t\t\t\t\t\tSUNAT realiz\u00f3 charla informativa para comerciantes y transportistas en el Gran Mercado Mayorista de Lima\t\t\t\t\t\t\t\t  \t<\/a>\n\t\t\t\t\t\t\t  \t<\/h2>\n\t\t\t\t\t\t  \t\n\t\t\t\t\t\t  \t\n\t\t\t\t\t\t  \t\n\t\t\t\t\t\t  \t\t\t\t\t\t\t  \t\t<a href=\"https:\/\/www.emmsa.com.pe\/index.php\/sunat-realizo-charla-informativa-para-comerciantes-y-transportistas-en-el-gran-mercado-mayorista-de-lima\/\">\t\n\t\t\t\t\t\t\t\t  \t<div class=\"read-more\">\n\t\t\t\t\t\t\t\t  \t\t<span class=\"text-button\">\n\t\t\t\t\t\t\t\t\t\t  \tVer nota\t\t\t\t\t\t\t\t  \t\t<\/span>\n\t\t\t\t\t\t\t\t  \t\t<i aria-hidden=\"true\" class=\"gimonticon gimonticon-right\"><\/i>\t\t\t\t\t\t\t\t  \t<\/div>\n\t\t\t\t\t\t\t\t<\/a>\n\t\t\t\t\t\t  \t\t\n\n\t\t\t\t\t\t<\/div>\n\t\t\t\t\t  \n\t\t\t\t\t<\/li>\t\n\n\t\t\t  \n\t\t\t\t  \t<li class=\"item\">\n\n\t\t\t\t\t  \t<div class=\"media\">\n\n\t\t\t\t\t\t  \t\n\t\t\t\t\t\t  \t<div class=\"box-img\">\n\t\t\t\t\t\t  \t\t<a href=\"https:\/\/www.emmsa.com.pe\/index.php\/emmsa-y-agromercado-articulan-esfuerzos-para-fortalecer-la-comercializacion-agroalimentaria\/\" rel=\"bookmark\" title=\"EMMSA y AGROMERCADO articulan esfuerzos para fortalecer la comercializaci\u00f3n agroalimentaria\">\n\t\t\t\t\t\t\t\t  \t<img decoding=\"async\" src=\"https:\/\/www.emmsa.com.pe\/wp-content\/uploads\/2026\/01\/1-2-668x520.jpg\" alt=\"EMMSA y AGROMERCADO articulan esfuerzos para fortalecer la comercializaci\u00f3n agroalimentaria\">\n\t\t\t\t\t\t\t  \t<\/a>\n\t\t\t\t\t\t  \t<\/div>\n\n\t\t\t\t\t\t\t\t\t\t\t\t\t\t\t<div class=\"post-date\">\n\t\t\t\t\t\t\t\t\t<span class=\"date-j\">27<\/span>\n\t\t\t\t\t\t\t\t\t<span class=\"date-MY\">Ene, 2026<\/span>\n\t\t\t\t\t\t\t\t<\/div>\n\t\t\t\t\t\t\t\n\t\t\t\t\t\t\t\n\t\t\t\t\t  \t<\/div>\n\n\t\t\t\t\t  \t<div class=\"content\">\n\t\t\t\t\t\t\t\t\n\t\t\t\t\t\t  \t<ul class=\"post-meta\">\n\n\t\t\t\t\t\t  \t\t\t\t\t\t\t\t\t\t\n\t\t\t\t\t\t\t  \t\n\t\t\t\t\t\t\t  \t\n\t\t\t\t\t\t  \t<\/ul>\n\t\t\t\t\t\t  \n\t\t\t\t\t\t  \t\t\t\t\t\t\t\t  \t<h2 class=\"post-title\">\n\t\t\t\t\t\t\t\t  \t<a href=\"https:\/\/www.emmsa.com.pe\/index.php\/emmsa-y-agromercado-articulan-esfuerzos-para-fortalecer-la-comercializacion-agroalimentaria\/\" rel=\"bookmark\" title=\"EMMSA y AGROMERCADO articulan esfuerzos para fortalecer la comercializaci\u00f3n agroalimentaria\">\n\t\t\t\t\t\t\t\t\t\tEMMSA y AGROMERCADO articulan esfuerzos para fortalecer la comercializaci\u00f3n agroalimentaria\t\t\t\t\t\t\t\t  \t<\/a>\n\t\t\t\t\t\t\t  \t<\/h2>\n\t\t\t\t\t\t  \t\n\t\t\t\t\t\t  \t\n\t\t\t\t\t\t  \t\n\t\t\t\t\t\t  \t\t\t\t\t\t\t  \t\t<a href=\"https:\/\/www.emmsa.com.pe\/index.php\/emmsa-y-agromercado-articulan-esfuerzos-para-fortalecer-la-comercializacion-agroalimentaria\/\">\t\n\t\t\t\t\t\t\t\t  \t<div class=\"read-more\">\n\t\t\t\t\t\t\t\t  \t\t<span class=\"text-button\">\n\t\t\t\t\t\t\t\t\t\t  \tVer nota\t\t\t\t\t\t\t\t  \t\t<\/span>\n\t\t\t\t\t\t\t\t  \t\t<i aria-hidden=\"true\" class=\"gimonticon gimonticon-right\"><\/i>\t\t\t\t\t\t\t\t  \t<\/div>\n\t\t\t\t\t\t\t\t<\/a>\n\t\t\t\t\t\t  \t\t\n\n\t\t\t\t\t\t<\/div>\n\t\t\t\t\t  \n\t\t\t\t\t<\/li>\t\n\n\t\t\t  \n\t\t\t\t  \t<li class=\"item\">\n\n\t\t\t\t\t  \t<div class=\"media\">\n\n\t\t\t\t\t\t  \t\n\t\t\t\t\t\t  \t<div class=\"box-img\">\n\t\t\t\t\t\t  \t\t<a href=\"https:\/\/www.emmsa.com.pe\/index.php\/vecinos-de-san-luis-llegan-al-gran-mercado-mayorista-de-lima-gracias-al-bus-del-ahorro\/\" rel=\"bookmark\" title=\"Vecinos de San Luis llegan al Gran Mercado Mayorista de Lima gracias al Bus del Ahorro\">\n\t\t\t\t\t\t\t\t  \t<img decoding=\"async\" src=\"https:\/\/www.emmsa.com.pe\/wp-content\/uploads\/2026\/01\/1-668x520.jpeg\" alt=\"Vecinos de San Luis llegan al Gran Mercado Mayorista de Lima gracias al Bus del Ahorro\">\n\t\t\t\t\t\t\t  \t<\/a>\n\t\t\t\t\t\t  \t<\/div>\n\n\t\t\t\t\t\t\t\t\t\t\t\t\t\t\t<div class=\"post-date\">\n\t\t\t\t\t\t\t\t\t<span class=\"date-j\">21<\/span>\n\t\t\t\t\t\t\t\t\t<span class=\"date-MY\">Ene, 2026<\/span>\n\t\t\t\t\t\t\t\t<\/div>\n\t\t\t\t\t\t\t\n\t\t\t\t\t\t\t\n\t\t\t\t\t  \t<\/div>\n\n\t\t\t\t\t  \t<div class=\"content\">\n\t\t\t\t\t\t\t\t\n\t\t\t\t\t\t  \t<ul class=\"post-meta\">\n\n\t\t\t\t\t\t  \t\t\t\t\t\t\t\t\t\t\n\t\t\t\t\t\t\t  \t\n\t\t\t\t\t\t\t  \t\n\t\t\t\t\t\t  \t<\/ul>\n\t\t\t\t\t\t  \n\t\t\t\t\t\t  \t\t\t\t\t\t\t\t  \t<h2 class=\"post-title\">\n\t\t\t\t\t\t\t\t  \t<a href=\"https:\/\/www.emmsa.com.pe\/index.php\/vecinos-de-san-luis-llegan-al-gran-mercado-mayorista-de-lima-gracias-al-bus-del-ahorro\/\" rel=\"bookmark\" title=\"Vecinos de San Luis llegan al Gran Mercado Mayorista de Lima gracias al Bus del Ahorro\">\n\t\t\t\t\t\t\t\t\t\tVecinos de San Luis llegan al Gran Mercado Mayorista de Lima gracias al Bus del Ahorro\t\t\t\t\t\t\t\t  \t<\/a>\n\t\t\t\t\t\t\t  \t<\/h2>\n\t\t\t\t\t\t  \t\n\t\t\t\t\t\t  \t\n\t\t\t\t\t\t  \t\n\t\t\t\t\t\t  \t\t\t\t\t\t\t  \t\t<a href=\"https:\/\/www.emmsa.com.pe\/index.php\/vecinos-de-san-luis-llegan-al-gran-mercado-mayorista-de-lima-gracias-al-bus-del-ahorro\/\">\t\n\t\t\t\t\t\t\t\t  \t<div class=\"read-more\">\n\t\t\t\t\t\t\t\t  \t\t<span class=\"text-button\">\n\t\t\t\t\t\t\t\t\t\t  \tVer nota\t\t\t\t\t\t\t\t  \t\t<\/span>\n\t\t\t\t\t\t\t\t  \t\t<i aria-hidden=\"true\" class=\"gimonticon gimonticon-right\"><\/i>\t\t\t\t\t\t\t\t  \t<\/div>\n\t\t\t\t\t\t\t\t<\/a>\n\t\t\t\t\t\t  \t\t\n\n\t\t\t\t\t\t<\/div>\n\t\t\t\t\t  \n\t\t\t\t\t<\/li>\t\n\n\t\t\t  \n\t\t\t\t  \t<li class=\"item\">\n\n\t\t\t\t\t  \t<div class=\"media\">\n\n\t\t\t\t\t\t  \t\n\t\t\t\t\t\t  \t<div class=\"box-img\">\n\t\t\t\t\t\t  \t\t<a href=\"https:\/\/www.emmsa.com.pe\/index.php\/emmsa-recibe-reconocimiento-de-la-compania-de-bomberos-n-o-169-por-su-compromiso-con-la-seguridad-en-el-gmml\/\" rel=\"bookmark\" title=\"EMMSA recibe reconocimiento de la Compa\u00f1\u00eda de Bomberos N.\u00ba 169 por su compromiso con la seguridad en el GMML\">\n\t\t\t\t\t\t\t\t  \t<img decoding=\"async\" src=\"https:\/\/www.emmsa.com.pe\/wp-content\/uploads\/2026\/01\/1-1-668x520.jpg\" alt=\"EMMSA recibe reconocimiento de la Compa\u00f1\u00eda de Bomberos N.\u00ba 169 por su compromiso con la seguridad en el GMML\">\n\t\t\t\t\t\t\t  \t<\/a>\n\t\t\t\t\t\t  \t<\/div>\n\n\t\t\t\t\t\t\t\t\t\t\t\t\t\t\t<div class=\"post-date\">\n\t\t\t\t\t\t\t\t\t<span class=\"date-j\">21<\/span>\n\t\t\t\t\t\t\t\t\t<span class=\"date-MY\">Ene, 2026<\/span>\n\t\t\t\t\t\t\t\t<\/div>\n\t\t\t\t\t\t\t\n\t\t\t\t\t\t\t\n\t\t\t\t\t  \t<\/div>\n\n\t\t\t\t\t  \t<div class=\"content\">\n\t\t\t\t\t\t\t\t\n\t\t\t\t\t\t  \t<ul class=\"post-meta\">\n\n\t\t\t\t\t\t  \t\t\t\t\t\t\t\t\t\t\n\t\t\t\t\t\t\t  \t\n\t\t\t\t\t\t\t  \t\n\t\t\t\t\t\t  \t<\/ul>\n\t\t\t\t\t\t  \n\t\t\t\t\t\t  \t\t\t\t\t\t\t\t  \t<h2 class=\"post-title\">\n\t\t\t\t\t\t\t\t  \t<a href=\"https:\/\/www.emmsa.com.pe\/index.php\/emmsa-recibe-reconocimiento-de-la-compania-de-bomberos-n-o-169-por-su-compromiso-con-la-seguridad-en-el-gmml\/\" rel=\"bookmark\" title=\"EMMSA recibe reconocimiento de la Compa\u00f1\u00eda de Bomberos N.\u00ba 169 por su compromiso con la seguridad en el GMML\">\n\t\t\t\t\t\t\t\t\t\tEMMSA recibe reconocimiento de la Compa\u00f1\u00eda de Bomberos N.\u00ba 169 por su compromiso con la seguridad en el GMML\t\t\t\t\t\t\t\t  \t<\/a>\n\t\t\t\t\t\t\t  \t<\/h2>\n\t\t\t\t\t\t  \t\n\t\t\t\t\t\t  \t\n\t\t\t\t\t\t  \t\n\t\t\t\t\t\t  \t\t\t\t\t\t\t  \t\t<a href=\"https:\/\/www.emmsa.com.pe\/index.php\/emmsa-recibe-reconocimiento-de-la-compania-de-bomberos-n-o-169-por-su-compromiso-con-la-seguridad-en-el-gmml\/\">\t\n\t\t\t\t\t\t\t\t  \t<div class=\"read-more\">\n\t\t\t\t\t\t\t\t  \t\t<span class=\"text-button\">\n\t\t\t\t\t\t\t\t\t\t  \tVer nota\t\t\t\t\t\t\t\t  \t\t<\/span>\n\t\t\t\t\t\t\t\t  \t\t<i aria-hidden=\"true\" class=\"gimonticon gimonticon-right\"><\/i>\t\t\t\t\t\t\t\t  \t<\/div>\n\t\t\t\t\t\t\t\t<\/a>\n\t\t\t\t\t\t  \t\t\n\n\t\t\t\t\t\t<\/div>\n\t\t\t\t\t  \n\t\t\t\t\t<\/li>\t\n\n\t\t\t  \n\t\t\t\t  \t<li class=\"item\">\n\n\t\t\t\t\t  \t<div class=\"media\">\n\n\t\t\t\t\t\t  \t\n\t\t\t\t\t\t  \t<div class=\"box-img\">\n\t\t\t\t\t\t  \t\t<a href=\"https:\/\/www.emmsa.com.pe\/index.php\/emmsa-participo-en-el-desfile-civico-institucional-por-el-491-o-aniversario-de-lima\/\" rel=\"bookmark\" title=\"EMMSA Partticip\u00f3 en el desfile c\u00edvico Institucional por el 491.\u00ba Aniversario de Lima\">\n\t\t\t\t\t\t\t\t  \t<img decoding=\"async\" src=\"https:\/\/www.emmsa.com.pe\/wp-content\/uploads\/2026\/01\/1-_1_-668x520.jpg\" alt=\"EMMSA Partticip\u00f3 en el desfile c\u00edvico Institucional por el 491.\u00ba Aniversario de Lima\">\n\t\t\t\t\t\t\t  \t<\/a>\n\t\t\t\t\t\t  \t<\/div>\n\n\t\t\t\t\t\t\t\t\t\t\t\t\t\t\t<div class=\"post-date\">\n\t\t\t\t\t\t\t\t\t<span class=\"date-j\">16<\/span>\n\t\t\t\t\t\t\t\t\t<span class=\"date-MY\">Ene, 2026<\/span>\n\t\t\t\t\t\t\t\t<\/div>\n\t\t\t\t\t\t\t\n\t\t\t\t\t\t\t\n\t\t\t\t\t  \t<\/div>\n\n\t\t\t\t\t  \t<div class=\"content\">\n\t\t\t\t\t\t\t\t\n\t\t\t\t\t\t  \t<ul class=\"post-meta\">\n\n\t\t\t\t\t\t  \t\t\t\t\t\t\t\t\t\t\n\t\t\t\t\t\t\t  \t\n\t\t\t\t\t\t\t  \t\n\t\t\t\t\t\t  \t<\/ul>\n\t\t\t\t\t\t  \n\t\t\t\t\t\t  \t\t\t\t\t\t\t\t  \t<h2 class=\"post-title\">\n\t\t\t\t\t\t\t\t  \t<a href=\"https:\/\/www.emmsa.com.pe\/index.php\/emmsa-participo-en-el-desfile-civico-institucional-por-el-491-o-aniversario-de-lima\/\" rel=\"bookmark\" title=\"EMMSA Partticip\u00f3 en el desfile c\u00edvico Institucional por el 491.\u00ba Aniversario de Lima\">\n\t\t\t\t\t\t\t\t\t\tEMMSA Partticip\u00f3 en el desfile c\u00edvico Institucional por el 491.\u00ba Aniversario de Lima\t\t\t\t\t\t\t\t  \t<\/a>\n\t\t\t\t\t\t\t  \t<\/h2>\n\t\t\t\t\t\t  \t\n\t\t\t\t\t\t  \t\n\t\t\t\t\t\t  \t\n\t\t\t\t\t\t  \t\t\t\t\t\t\t  \t\t<a href=\"https:\/\/www.emmsa.com.pe\/index.php\/emmsa-participo-en-el-desfile-civico-institucional-por-el-491-o-aniversario-de-lima\/\">\t\n\t\t\t\t\t\t\t\t  \t<div class=\"read-more\">\n\t\t\t\t\t\t\t\t  \t\t<span class=\"text-button\">\n\t\t\t\t\t\t\t\t\t\t  \tVer nota\t\t\t\t\t\t\t\t  \t\t<\/span>\n\t\t\t\t\t\t\t\t  \t\t<i aria-hidden=\"true\" class=\"gimonticon gimonticon-right\"><\/i>\t\t\t\t\t\t\t\t  \t<\/div>\n\t\t\t\t\t\t\t\t<\/a>\n\t\t\t\t\t\t  \t\t\n\n\t\t\t\t\t\t<\/div>\n\t\t\t\t\t  \n\t\t\t\t\t<\/li>\t\n\n\t\t\t  \n\t\t\t\t  \t<li class=\"item\">\n\n\t\t\t\t\t  \t<div class=\"media\">\n\n\t\t\t\t\t\t  \t\n\t\t\t\t\t\t  \t<div class=\"box-img\">\n\t\t\t\t\t\t  \t\t<a href=\"https:\/\/www.emmsa.com.pe\/index.php\/emmsa-celebro-el-dia-de-reyes-fomentando-la-confraternidad-entre-sus-colaboradores\/\" rel=\"bookmark\" title=\"EMMSA celebr\u00f3 el D\u00eda de Reyes fomentando la confraternidad entre sus colaboradores\">\n\t\t\t\t\t\t\t\t  \t<img decoding=\"async\" src=\"https:\/\/www.emmsa.com.pe\/wp-content\/uploads\/2026\/01\/1-668x520.jpg\" alt=\"EMMSA celebr\u00f3 el D\u00eda de Reyes fomentando la confraternidad entre sus colaboradores\">\n\t\t\t\t\t\t\t  \t<\/a>\n\t\t\t\t\t\t  \t<\/div>\n\n\t\t\t\t\t\t\t\t\t\t\t\t\t\t\t<div class=\"post-date\">\n\t\t\t\t\t\t\t\t\t<span class=\"date-j\">6<\/span>\n\t\t\t\t\t\t\t\t\t<span class=\"date-MY\">Ene, 2026<\/span>\n\t\t\t\t\t\t\t\t<\/div>\n\t\t\t\t\t\t\t\n\t\t\t\t\t\t\t\n\t\t\t\t\t  \t<\/div>\n\n\t\t\t\t\t  \t<div class=\"content\">\n\t\t\t\t\t\t\t\t\n\t\t\t\t\t\t  \t<ul class=\"post-meta\">\n\n\t\t\t\t\t\t  \t\t\t\t\t\t\t\t\t\t\n\t\t\t\t\t\t\t  \t\n\t\t\t\t\t\t\t  \t\n\t\t\t\t\t\t  \t<\/ul>\n\t\t\t\t\t\t  \n\t\t\t\t\t\t  \t\t\t\t\t\t\t\t  \t<h2 class=\"post-title\">\n\t\t\t\t\t\t\t\t  \t<a href=\"https:\/\/www.emmsa.com.pe\/index.php\/emmsa-celebro-el-dia-de-reyes-fomentando-la-confraternidad-entre-sus-colaboradores\/\" rel=\"bookmark\" title=\"EMMSA celebr\u00f3 el D\u00eda de Reyes fomentando la confraternidad entre sus colaboradores\">\n\t\t\t\t\t\t\t\t\t\tEMMSA celebr\u00f3 el D\u00eda de Reyes fomentando la confraternidad entre sus colaboradores\t\t\t\t\t\t\t\t  \t<\/a>\n\t\t\t\t\t\t\t  \t<\/h2>\n\t\t\t\t\t\t  \t\n\t\t\t\t\t\t  \t\n\t\t\t\t\t\t  \t\n\t\t\t\t\t\t  \t\t\t\t\t\t\t  \t\t<a href=\"https:\/\/www.emmsa.com.pe\/index.php\/emmsa-celebro-el-dia-de-reyes-fomentando-la-confraternidad-entre-sus-colaboradores\/\">\t\n\t\t\t\t\t\t\t\t  \t<div class=\"read-more\">\n\t\t\t\t\t\t\t\t  \t\t<span class=\"text-button\">\n\t\t\t\t\t\t\t\t\t\t  \tVer nota\t\t\t\t\t\t\t\t  \t\t<\/span>\n\t\t\t\t\t\t\t\t  \t\t<i aria-hidden=\"true\" class=\"gimonticon gimonticon-right\"><\/i>\t\t\t\t\t\t\t\t  \t<\/div>\n\t\t\t\t\t\t\t\t<\/a>\n\t\t\t\t\t\t  \t\t\n\n\t\t\t\t\t\t<\/div>\n\t\t\t\t\t  \n\t\t\t\t\t<\/li>\t\n\n\t\t\t  \n\t\t\t\t  \t<li class=\"item\">\n\n\t\t\t\t\t  \t<div class=\"media\">\n\n\t\t\t\t\t\t  \t\n\t\t\t\t\t\t  \t<div class=\"box-img\">\n\t\t\t\t\t\t  \t\t<a href=\"https:\/\/www.emmsa.com.pe\/index.php\/emmsa-presenta-resultados-del-1er-reto-emmsa-recicla\/\" rel=\"bookmark\" title=\"EMMSA presenta resultados del 1er Reto \u201cEMMSA Recicla\u201d\">\n\t\t\t\t\t\t\t\t  \t<img decoding=\"async\" src=\"https:\/\/www.emmsa.com.pe\/wp-content\/uploads\/2025\/12\/Foto-1-1-668x520.jpg\" alt=\"EMMSA presenta resultados del 1er Reto \u201cEMMSA Recicla\u201d\">\n\t\t\t\t\t\t\t  \t<\/a>\n\t\t\t\t\t\t  \t<\/div>\n\n\t\t\t\t\t\t\t\t\t\t\t\t\t\t\t<div class=\"post-date\">\n\t\t\t\t\t\t\t\t\t<span class=\"date-j\">30<\/span>\n\t\t\t\t\t\t\t\t\t<span class=\"date-MY\">Dic, 2025<\/span>\n\t\t\t\t\t\t\t\t<\/div>\n\t\t\t\t\t\t\t\n\t\t\t\t\t\t\t\n\t\t\t\t\t  \t<\/div>\n\n\t\t\t\t\t  \t<div class=\"content\">\n\t\t\t\t\t\t\t\t\n\t\t\t\t\t\t  \t<ul class=\"post-meta\">\n\n\t\t\t\t\t\t  \t\t\t\t\t\t\t\t\t\t\n\t\t\t\t\t\t\t  \t\n\t\t\t\t\t\t\t  \t\n\t\t\t\t\t\t  \t<\/ul>\n\t\t\t\t\t\t  \n\t\t\t\t\t\t  \t\t\t\t\t\t\t\t  \t<h2 class=\"post-title\">\n\t\t\t\t\t\t\t\t  \t<a href=\"https:\/\/www.emmsa.com.pe\/index.php\/emmsa-presenta-resultados-del-1er-reto-emmsa-recicla\/\" rel=\"bookmark\" title=\"EMMSA presenta resultados del 1er Reto \u201cEMMSA Recicla\u201d\">\n\t\t\t\t\t\t\t\t\t\tEMMSA presenta resultados del 1er Reto \u201cEMMSA Recicla\u201d\t\t\t\t\t\t\t\t  \t<\/a>\n\t\t\t\t\t\t\t  \t<\/h2>\n\t\t\t\t\t\t  \t\n\t\t\t\t\t\t  \t\n\t\t\t\t\t\t  \t\n\t\t\t\t\t\t  \t\t\t\t\t\t\t  \t\t<a href=\"https:\/\/www.emmsa.com.pe\/index.php\/emmsa-presenta-resultados-del-1er-reto-emmsa-recicla\/\">\t\n\t\t\t\t\t\t\t\t  \t<div class=\"read-more\">\n\t\t\t\t\t\t\t\t  \t\t<span class=\"text-button\">\n\t\t\t\t\t\t\t\t\t\t  \tVer nota\t\t\t\t\t\t\t\t  \t\t<\/span>\n\t\t\t\t\t\t\t\t  \t\t<i aria-hidden=\"true\" class=\"gimonticon gimonticon-right\"><\/i>\t\t\t\t\t\t\t\t  \t<\/div>\n\t\t\t\t\t\t\t\t<\/a>\n\t\t\t\t\t\t  \t\t\n\n\t\t\t\t\t\t<\/div>\n\t\t\t\t\t  \n\t\t\t\t\t<\/li>\t\n\n\t\t\t  \n\t\t\t\t  \t<li class=\"item\">\n\n\t\t\t\t\t  \t<div class=\"media\">\n\n\t\t\t\t\t\t  \t\n\t\t\t\t\t\t  \t<div class=\"box-img\">\n\t\t\t\t\t\t  \t\t<a href=\"https:\/\/www.emmsa.com.pe\/index.php\/municipalidad-metropolitana-de-lima-lidera-el-canaston-navideno-gmml-2025-con-mas-de-50-toneladas-de-alimentos-para-ollas-comunes\/\" rel=\"bookmark\" title=\"Municipalidad Metropolitana de Lima lidera el \u201cCanast\u00f3n Navide\u00f1o GMML 2025\u201d con m\u00e1s de 50 toneladas de alimentos para ollas comunes\">\n\t\t\t\t\t\t\t\t  \t<img decoding=\"async\" src=\"https:\/\/www.emmsa.com.pe\/wp-content\/uploads\/2025\/12\/FOTO-1-PRINCIPAL-CANASTON-NAVIDENA-668x520.jpg\" alt=\"Municipalidad Metropolitana de Lima lidera el \u201cCanast\u00f3n Navide\u00f1o GMML 2025\u201d con m\u00e1s de 50 toneladas de alimentos para ollas comunes\">\n\t\t\t\t\t\t\t  \t<\/a>\n\t\t\t\t\t\t  \t<\/div>\n\n\t\t\t\t\t\t\t\t\t\t\t\t\t\t\t<div class=\"post-date\">\n\t\t\t\t\t\t\t\t\t<span class=\"date-j\">19<\/span>\n\t\t\t\t\t\t\t\t\t<span class=\"date-MY\">Dic, 2025<\/span>\n\t\t\t\t\t\t\t\t<\/div>\n\t\t\t\t\t\t\t\n\t\t\t\t\t\t\t\n\t\t\t\t\t  \t<\/div>\n\n\t\t\t\t\t  \t<div class=\"content\">\n\t\t\t\t\t\t\t\t\n\t\t\t\t\t\t  \t<ul class=\"post-meta\">\n\n\t\t\t\t\t\t  \t\t\t\t\t\t\t\t\t\t\n\t\t\t\t\t\t\t  \t\n\t\t\t\t\t\t\t  \t\n\t\t\t\t\t\t  \t<\/ul>\n\t\t\t\t\t\t  \n\t\t\t\t\t\t  \t\t\t\t\t\t\t\t  \t<h2 class=\"post-title\">\n\t\t\t\t\t\t\t\t  \t<a href=\"https:\/\/www.emmsa.com.pe\/index.php\/municipalidad-metropolitana-de-lima-lidera-el-canaston-navideno-gmml-2025-con-mas-de-50-toneladas-de-alimentos-para-ollas-comunes\/\" rel=\"bookmark\" title=\"Municipalidad Metropolitana de Lima lidera el \u201cCanast\u00f3n Navide\u00f1o GMML 2025\u201d con m\u00e1s de 50 toneladas de alimentos para ollas comunes\">\n\t\t\t\t\t\t\t\t\t\tMunicipalidad Metropolitana de Lima lidera el \u201cCanast\u00f3n Navide\u00f1o GMML 2025\u201d con m\u00e1s de 50 toneladas de alimentos para ollas comunes\t\t\t\t\t\t\t\t  \t<\/a>\n\t\t\t\t\t\t\t  \t<\/h2>\n\t\t\t\t\t\t  \t\n\t\t\t\t\t\t  \t\n\t\t\t\t\t\t  \t\n\t\t\t\t\t\t  \t\t\t\t\t\t\t  \t\t<a href=\"https:\/\/www.emmsa.com.pe\/index.php\/municipalidad-metropolitana-de-lima-lidera-el-canaston-navideno-gmml-2025-con-mas-de-50-toneladas-de-alimentos-para-ollas-comunes\/\">\t\n\t\t\t\t\t\t\t\t  \t<div class=\"read-more\">\n\t\t\t\t\t\t\t\t  \t\t<span class=\"text-button\">\n\t\t\t\t\t\t\t\t\t\t  \tVer nota\t\t\t\t\t\t\t\t  \t\t<\/span>\n\t\t\t\t\t\t\t\t  \t\t<i aria-hidden=\"true\" class=\"gimonticon gimonticon-right\"><\/i>\t\t\t\t\t\t\t\t  \t<\/div>\n\t\t\t\t\t\t\t\t<\/a>\n\t\t\t\t\t\t  \t\t\n\n\t\t\t\t\t\t<\/div>\n\t\t\t\t\t  \n\t\t\t\t\t<\/li>\t\n\n\t\t\t  \n\t\t\t\t  \t<li class=\"item\">\n\n\t\t\t\t\t  \t<div class=\"media\">\n\n\t\t\t\t\t\t  \t\n\t\t\t\t\t\t  \t<div class=\"box-img\">\n\t\t\t\t\t\t  \t\t<a href=\"https:\/\/www.emmsa.com.pe\/index.php\/la-empresa-municipal-de-mercados-s-a-realizo-campana-emmsa-recicla-en-sus-oficinas\/\" rel=\"bookmark\" title=\"La Empresa Municipal de Mercados S.A. realiz\u00f3 campa\u00f1a \u201cEMMSA Recicla\u201d en sus oficinas\">\n\t\t\t\t\t\t\t\t  \t<img decoding=\"async\" src=\"https:\/\/www.emmsa.com.pe\/wp-content\/uploads\/2025\/12\/foto-1-principal-EMMSA-RECICLA-668x520.jpg\" alt=\"La Empresa Municipal de Mercados S.A. realiz\u00f3 campa\u00f1a \u201cEMMSA Recicla\u201d en sus oficinas\">\n\t\t\t\t\t\t\t  \t<\/a>\n\t\t\t\t\t\t  \t<\/div>\n\n\t\t\t\t\t\t\t\t\t\t\t\t\t\t\t<div class=\"post-date\">\n\t\t\t\t\t\t\t\t\t<span class=\"date-j\">17<\/span>\n\t\t\t\t\t\t\t\t\t<span class=\"date-MY\">Dic, 2025<\/span>\n\t\t\t\t\t\t\t\t<\/div>\n\t\t\t\t\t\t\t\n\t\t\t\t\t\t\t\n\t\t\t\t\t  \t<\/div>\n\n\t\t\t\t\t  \t<div class=\"content\">\n\t\t\t\t\t\t\t\t\n\t\t\t\t\t\t  \t<ul class=\"post-meta\">\n\n\t\t\t\t\t\t  \t\t\t\t\t\t\t\t\t\t\n\t\t\t\t\t\t\t  \t\n\t\t\t\t\t\t\t  \t\n\t\t\t\t\t\t  \t<\/ul>\n\t\t\t\t\t\t  \n\t\t\t\t\t\t  \t\t\t\t\t\t\t\t  \t<h2 class=\"post-title\">\n\t\t\t\t\t\t\t\t  \t<a href=\"https:\/\/www.emmsa.com.pe\/index.php\/la-empresa-municipal-de-mercados-s-a-realizo-campana-emmsa-recicla-en-sus-oficinas\/\" rel=\"bookmark\" title=\"La Empresa Municipal de Mercados S.A. realiz\u00f3 campa\u00f1a \u201cEMMSA Recicla\u201d en sus oficinas\">\n\t\t\t\t\t\t\t\t\t\tLa Empresa Municipal de Mercados S.A. realiz\u00f3 campa\u00f1a \u201cEMMSA Recicla\u201d en sus oficinas\t\t\t\t\t\t\t\t  \t<\/a>\n\t\t\t\t\t\t\t  \t<\/h2>\n\t\t\t\t\t\t  \t\n\t\t\t\t\t\t  \t\n\t\t\t\t\t\t  \t\n\t\t\t\t\t\t  \t\t\t\t\t\t\t  \t\t<a href=\"https:\/\/www.emmsa.com.pe\/index.php\/la-empresa-municipal-de-mercados-s-a-realizo-campana-emmsa-recicla-en-sus-oficinas\/\">\t\n\t\t\t\t\t\t\t\t  \t<div class=\"read-more\">\n\t\t\t\t\t\t\t\t  \t\t<span class=\"text-button\">\n\t\t\t\t\t\t\t\t\t\t  \tVer nota\t\t\t\t\t\t\t\t  \t\t<\/span>\n\t\t\t\t\t\t\t\t  \t\t<i aria-hidden=\"true\" class=\"gimonticon gimonticon-right\"><\/i>\t\t\t\t\t\t\t\t  \t<\/div>\n\t\t\t\t\t\t\t\t<\/a>\n\t\t\t\t\t\t  \t\t\n\n\t\t\t\t\t\t<\/div>\n\t\t\t\t\t  \n\t\t\t\t\t<\/li>\t\n\n\t\t\t  \n\t\t\t\t  \t<li class=\"item\">\n\n\t\t\t\t\t  \t<div class=\"media\">\n\n\t\t\t\t\t\t  \t\n\t\t\t\t\t\t  \t<div class=\"box-img\">\n\t\t\t\t\t\t  \t\t<a href=\"https:\/\/www.emmsa.com.pe\/index.php\/emmsa-refuerza-campana-de-limpieza-en-el-gmml-con-visita-a-la-compania-de-bomberos\/\" rel=\"bookmark\" title=\"EMMSA refuerza campa\u00f1a de limpieza en el  GMML con visita a la Compa\u00f1\u00eda de Bomberos\">\n\t\t\t\t\t\t\t\t  \t<img decoding=\"async\" src=\"https:\/\/www.emmsa.com.pe\/wp-content\/uploads\/2025\/12\/FOTO-1-PRINCIPAL-CAMPANA-RECICLAJE-668x520.jpg\" alt=\"EMMSA refuerza campa\u00f1a de limpieza en el  GMML con visita a la Compa\u00f1\u00eda de Bomberos\">\n\t\t\t\t\t\t\t  \t<\/a>\n\t\t\t\t\t\t  \t<\/div>\n\n\t\t\t\t\t\t\t\t\t\t\t\t\t\t\t<div class=\"post-date\">\n\t\t\t\t\t\t\t\t\t<span class=\"date-j\">11<\/span>\n\t\t\t\t\t\t\t\t\t<span class=\"date-MY\">Dic, 2025<\/span>\n\t\t\t\t\t\t\t\t<\/div>\n\t\t\t\t\t\t\t\n\t\t\t\t\t\t\t\n\t\t\t\t\t  \t<\/div>\n\n\t\t\t\t\t  \t<div class=\"content\">\n\t\t\t\t\t\t\t\t\n\t\t\t\t\t\t  \t<ul class=\"post-meta\">\n\n\t\t\t\t\t\t  \t\t\t\t\t\t\t\t\t\t\n\t\t\t\t\t\t\t  \t\n\t\t\t\t\t\t\t  \t\n\t\t\t\t\t\t  \t<\/ul>\n\t\t\t\t\t\t  \n\t\t\t\t\t\t  \t\t\t\t\t\t\t\t  \t<h2 class=\"post-title\">\n\t\t\t\t\t\t\t\t  \t<a href=\"https:\/\/www.emmsa.com.pe\/index.php\/emmsa-refuerza-campana-de-limpieza-en-el-gmml-con-visita-a-la-compania-de-bomberos\/\" rel=\"bookmark\" title=\"EMMSA refuerza campa\u00f1a de limpieza en el  GMML con visita a la Compa\u00f1\u00eda de Bomberos\">\n\t\t\t\t\t\t\t\t\t\tEMMSA refuerza campa\u00f1a de limpieza en el  GMML con visita a la Compa\u00f1\u00eda de Bomberos\t\t\t\t\t\t\t\t  \t<\/a>\n\t\t\t\t\t\t\t  \t<\/h2>\n\t\t\t\t\t\t  \t\n\t\t\t\t\t\t  \t\n\t\t\t\t\t\t  \t\n\t\t\t\t\t\t  \t\t\t\t\t\t\t  \t\t<a href=\"https:\/\/www.emmsa.com.pe\/index.php\/emmsa-refuerza-campana-de-limpieza-en-el-gmml-con-visita-a-la-compania-de-bomberos\/\">\t\n\t\t\t\t\t\t\t\t  \t<div class=\"read-more\">\n\t\t\t\t\t\t\t\t  \t\t<span class=\"text-button\">\n\t\t\t\t\t\t\t\t\t\t  \tVer nota\t\t\t\t\t\t\t\t  \t\t<\/span>\n\t\t\t\t\t\t\t\t  \t\t<i aria-hidden=\"true\" class=\"gimonticon gimonticon-right\"><\/i>\t\t\t\t\t\t\t\t  \t<\/div>\n\t\t\t\t\t\t\t\t<\/a>\n\t\t\t\t\t\t  \t\t\n\n\t\t\t\t\t\t<\/div>\n\t\t\t\t\t  \n\t\t\t\t\t<\/li>\t\n\n\t\t\t  \n\t\t\t<\/ul>\n\n\t\t\t\t<\/div>\n\t\t\t\t<\/div>\n\t\t\t\t\t<\/div>\n\t\t<\/div>\n\t\t\t\t\t<\/div>\n\t\t<\/section>\n\t\t\t\t<\/div>\n\t\t","protected":false},"excerpt":{"rendered":"<p>14 Nov, 2024 El Gran Mercado Mayorista de Lima brilla en la exposici\u00f3n &#8220;APEC ciudadano&#8221; con m\u00e1s de 15 mil visitantes Ver nota 12 Nov, 2024 El Gran Mercado Mayorista de Lima Participar\u00e1 en el APEC Ciudadano, Exhibiendo la Riqueza de Frutas y Verduras que Alimentan al Per\u00fa y al Mundo Ver nota 18 Oct, [&hellip;]<\/p>\n","protected":false},"author":1,"featured_media":0,"parent":0,"menu_order":0,"comment_status":"closed","ping_status":"closed","template":"elementor_header_footer","meta":{"footnotes":""},"class_list":["post-15503","page","type-page","status-publish","hentry"],"_links":{"self":[{"href":"https:\/\/www.emmsa.com.pe\/index.php\/wp-json\/wp\/v2\/pages\/15503","targetHints":{"allow":["GET"]}}],"collection":[{"href":"https:\/\/www.emmsa.com.pe\/index.php\/wp-json\/wp\/v2\/pages"}],"about":[{"href":"https:\/\/www.emmsa.com.pe\/index.php\/wp-json\/wp\/v2\/types\/page"}],"author":[{"embeddable":true,"href":"https:\/\/www.emmsa.com.pe\/index.php\/wp-json\/wp\/v2\/users\/1"}],"replies":[{"embeddable":true,"href":"https:\/\/www.emmsa.com.pe\/index.php\/wp-json\/wp\/v2\/comments?post=15503"}],"version-history":[{"count":28,"href":"https:\/\/www.emmsa.com.pe\/index.php\/wp-json\/wp\/v2\/pages\/15503\/revisions"}],"predecessor-version":[{"id":19681,"href":"https:\/\/www.emmsa.com.pe\/index.php\/wp-json\/wp\/v2\/pages\/15503\/revisions\/19681"}],"wp:attachment":[{"href":"https:\/\/www.emmsa.com.pe\/index.php\/wp-json\/wp\/v2\/media?parent=15503"}],"curies":[{"name":"wp","href":"https:\/\/api.w.org\/{rel}","templated":true}]}}